{"id":474,"date":"2023-05-01T11:07:31","date_gmt":"2023-05-01T09:07:31","guid":{"rendered":"https:\/\/tcurbana.com\/?page_id=195"},"modified":"2024-01-15T16:53:25","modified_gmt":"2024-01-15T16:53:25","slug":"declaracion-de-accesibilidad","status":"publish","type":"page","link":"https:\/\/everestingspain.com\/index.php\/avisos-y-politicas\/declaracion-de-accesibilidad\/","title":{"rendered":"Declaraci\u00f3n de accesibilidad"},"content":{"rendered":"<p>[et_pb_section fb_built=\u00bb1&#8243; _builder_version=\u00bb4.20.4&#8243; _module_preset=\u00bbdefault\u00bb global_colors_info=\u00bb{}\u00bb da_is_popup=\u00bboff\u00bb da_exit_intent=\u00bboff\u00bb da_has_close=\u00bbon\u00bb da_alt_close=\u00bboff\u00bb da_dark_close=\u00bboff\u00bb da_not_modal=\u00bbon\u00bb da_is_singular=\u00bboff\u00bb da_with_loader=\u00bboff\u00bb da_has_shadow=\u00bbon\u00bb da_disable_devices=\u00bboff|off|off\u00bb][et_pb_row _builder_version=\u00bb4.20.4&#8243; _module_preset=\u00bbdefault\u00bb global_colors_info=\u00bb{}\u00bb][et_pb_column type=\u00bb4_4&#8243; _builder_version=\u00bb4.20.4&#8243; _module_preset=\u00bbdefault\u00bb global_colors_info=\u00bb{}\u00bb][et_pb_text _builder_version=\u00bb4.20.4&#8243; _module_preset=\u00bbdefault\u00bb text_font_size=\u00bb39px\u00bb locked=\u00bboff\u00bb global_colors_info=\u00bb{}\u00bb]<\/p>\n<p>DECLARACI\u00d3N DE ACCESIBILIDAD<\/p>\n<p>[\/et_pb_text][et_pb_text _builder_version=\u00bb4.23.4&#8243; _module_preset=\u00bbdefault\u00bb hover_enabled=\u00bb0&#8243; global_colors_info=\u00bb{}\u00bb sticky_enabled=\u00bb0&#8243;]<\/p>\n<p style=\"text-align: justify;\">VARELA Y PUJOL, S.L. se ha comprometido a hacer accesible su sitio web, de conformidad con el <a rel=\"noreferrer noopener\" href=\"https:\/\/www.boe.es\/eli\/es\/rd\/2018\/09\/07\/1112\" target=\"_blank\">Real Decreto 1112\/2018, de 7 de septiembre, sobre accesibilidad de los sitios web y aplicaciones para dispositivos m\u00f3viles del sector p\u00fablico<\/a>.<\/p>\n<p style=\"text-align: justify;\">La presente declaraci\u00f3n de accesibilidad se aplica a www.everestingspain.com<\/p>\n<p id=\"da_cumplimiento\" style=\"text-align: justify;\">SITUACI\u00d3N DE CUMPLIMIENTO<\/p>\n<p style=\"text-align: justify;\">Este sitio web est\u00e1\u00a0<strong>plenamente conforme<\/strong>\u00a0con el RD 1112\/2018.<\/p>\n<p style=\"text-align: justify;\">CONTENIDO NO ACCESIBLE<\/p>\n<p style=\"text-align: justify;\">Todo el contenido es accesible.<\/p>\n<p id=\"da_declaracion\" style=\"text-align: justify;\">PREPARACI\u00d3N DE LA PRESENTE DECLARACI\u00d3N DE ACCESIBILIDAD<\/p>\n<p style=\"text-align: justify;\">La presente declaraci\u00f3n fue preparada el 24 de abril de 2023.<\/p>\n<p style=\"text-align: justify;\">El m\u00e9todo empleado para preparar la declaraci\u00f3n ha sido una autoevaluaci\u00f3n llevada a cabo por el propio organismo.<\/p>\n<p id=\"da_observaciones\" style=\"text-align: justify;\">OBSERVACIONES Y DATOS DE CONTACTO<\/p>\n<p style=\"text-align: justify;\">Puede realizar comunicaciones sobre requisitos de accesibilidad (art\u00edculo 10.2.a) del RD 1112\/2018) como por ejemplo:<\/p>\n<ul style=\"text-align: justify;\">\n<li>informar sobre cualquier posible incumplimiento por parte de este sitio web<\/li>\n<li>transmitir otras dificultades de acceso al contenido<\/li>\n<li>formular cualquier otra consulta o sugerencia de mejora relativa a la accesibilidad del sitio web<\/li>\n<\/ul>\n<p style=\"text-align: justify;\">A trav\u00e9s del correo o llamando al tel\u00e9fono 620 25 64 63.<\/p>\n<p style=\"text-align: justify;\">Puede presentar:<\/p>\n<ul style=\"text-align: justify;\">\n<li>una queja relativa al cumplimiento de los requisitos del RD 1112\/2018 o<\/li>\n<li>una solicitud de informaci\u00f3n accesible relativa a:\n<ol>\n<li>contenidos que est\u00e1n excluidos del \u00e1mbito de aplicaci\u00f3n del RD 1112\/2018 seg\u00fan lo establecido por el art\u00edculo 3, apartado 4<\/li>\n<li>contenidos que est\u00e1n exentos del cumplimiento de los requisitos de accesibilidad por imponer una carga desproporcionada.<\/li>\n<\/ol>\n<\/li>\n<\/ul>\n<p style=\"text-align: justify;\">En la solicitud de informaci\u00f3n accesible, se debe concretar, con toda claridad, los hechos, razones y petici\u00f3n que permitan constatar que se trata de una solicitud razonable y leg\u00edtima.<\/p>\n<p style=\"text-align: justify;\">Las comunicaciones, quejas y solicitudes de informaci\u00f3n accesible ser\u00e1n recibidas y tratadas por VARELA Y PUJOL, S.L.<\/p>\n<p style=\"text-align: justify;\">PROCEDIMIENTO DE APLICACI\u00d3N<\/p>\n<p style=\"text-align: justify;\">En caso de no verse atendidas las solicitudes, podr\u00e1 dirigir una comunicaci\u00f3n a comunicados@accesibilidad.com.es, dirigida en atenci\u00f3n a la Direcci\u00f3n de la organizaci\u00f3n.<\/p>\n<p>[\/et_pb_text][\/et_pb_column][\/et_pb_row][\/et_pb_section]<\/p>\n","protected":false},"excerpt":{"rendered":"<p>DECLARACI\u00d3N DE ACCESIBILIDADVARELA Y PUJOL, S.L. se ha comprometido a hacer accesible su sitio web, de conformidad con el Real Decreto 1112\/2018, de 7 de septiembre, sobre accesibilidad de los sitios web y aplicaciones para dispositivos m\u00f3viles del sector p\u00fablico. La presente declaraci\u00f3n de accesibilidad se aplica a www.everestingspain.com SITUACI\u00d3N DE CUMPLIMIENTO Este sitio web [&hellip;]<\/p>\n","protected":false},"author":2,"featured_media":0,"parent":3,"menu_order":10,"comment_status":"closed","ping_status":"closed","template":"","meta":{"_et_pb_use_builder":"on","_et_pb_old_content":"<!-- wp:paragraph -->\n<p>TC Urbana se ha comprometido a hacer accesible su sitio web, de conformidad con el\u00a0<a rel=\"noreferrer noopener\" href=\"https:\/\/www.boe.es\/eli\/es\/rd\/2018\/09\/07\/1112\" target=\"_blank\">Real Decreto 1112\/2018, de 7 de septiembre, sobre accesibilidad de los sitios web y aplicaciones para dispositivos m\u00f3viles del sector p\u00fablico<\/a>.<\/p>\n<!-- \/wp:paragraph -->\n\n<!-- wp:paragraph -->\n<p>La presente declaraci\u00f3n de accesibilidad se aplica a www.tcurbana.com.<\/p>\n<!-- \/wp:paragraph -->\n\n<!-- wp:paragraph -->\n<p id=\"da_cumplimiento\">SITUACI\u00d3N DE CUMPLIMIENTO<\/p>\n<!-- \/wp:paragraph -->\n\n<!-- wp:paragraph -->\n<p>Este sitio web est\u00e1&nbsp;<strong>plenamente conforme<\/strong>&nbsp;con el RD 1112\/2018.<\/p>\n<!-- \/wp:paragraph -->\n\n<!-- wp:paragraph -->\n<p>CONTENIDO NO ACCESIBLE<\/p>\n<!-- \/wp:paragraph -->\n\n<!-- wp:paragraph -->\n<p>Todo el contenido es accesible.<\/p>\n<!-- \/wp:paragraph -->\n\n<!-- wp:paragraph -->\n<p id=\"da_declaracion\">PREPARACI\u00d3N DE LA PRESENTE DECLARACI\u00d3N DE ACCESIBILIDAD<\/p>\n<!-- \/wp:paragraph -->\n\n<!-- wp:paragraph -->\n<p>La presente declaraci\u00f3n fue preparada el 24 de abril de 2023.<\/p>\n<!-- \/wp:paragraph -->\n\n<!-- wp:paragraph -->\n<p>El m\u00e9todo empleado para preparar la declaraci\u00f3n ha sido una autoevaluaci\u00f3n llevada a cabo por el propio organismo.<\/p>\n<!-- \/wp:paragraph -->\n\n<!-- wp:paragraph -->\n<p id=\"da_observaciones\">OBSERVACIONES Y DATOS DE CONTACTO<\/p>\n<!-- \/wp:paragraph -->\n\n<!-- wp:paragraph -->\n<p>Puede realizar comunicaciones sobre requisitos de accesibilidad (art\u00edculo 10.2.a) del RD 1112\/2018) como por ejemplo:<\/p>\n<!-- \/wp:paragraph -->\n\n<!-- wp:list -->\n<ul><!-- wp:list-item -->\n<li>informar sobre cualquier posible incumplimiento por parte de este sitio web<\/li>\n<!-- \/wp:list-item -->\n\n<!-- wp:list-item -->\n<li>transmitir otras dificultades de acceso al contenido<\/li>\n<!-- \/wp:list-item -->\n\n<!-- wp:list-item -->\n<li>formular cualquier otra consulta o sugerencia de mejora relativa a la accesibilidad del sitio web<\/li>\n<!-- \/wp:list-item --><\/ul>\n<!-- \/wp:list -->\n\n<!-- wp:paragraph -->\n<p>A trav\u00e9s del correo o llamando al tel\u00e9fono 913678589.<\/p>\n<!-- \/wp:paragraph -->\n\n<!-- wp:paragraph -->\n<p>Puede presentar:<\/p>\n<!-- \/wp:paragraph -->\n\n<!-- wp:list -->\n<ul><!-- wp:list-item -->\n<li>una queja relativa al cumplimiento de los requisitos del RD 1112\/2018 o<\/li>\n<!-- \/wp:list-item -->\n\n<!-- wp:list-item -->\n<li>una solicitud de informaci\u00f3n accesible relativa a:<!-- wp:list {\"ordered\":true} -->\n<ol><!-- wp:list-item -->\n<li>contenidos que est\u00e1n excluidos del \u00e1mbito de aplicaci\u00f3n del RD 1112\/2018 seg\u00fan lo establecido por el art\u00edculo 3, apartado 4<\/li>\n<!-- \/wp:list-item -->\n\n<!-- wp:list-item -->\n<li>contenidos que est\u00e1n exentos del cumplimiento de los requisitos de accesibilidad por imponer una carga desproporcionada.<\/li>\n<!-- \/wp:list-item --><\/ol>\n<!-- \/wp:list --><\/li>\n<!-- \/wp:list-item --><\/ul>\n<!-- \/wp:list -->\n\n<!-- wp:paragraph -->\n<p>En la solicitud de informaci\u00f3n accesible, se debe concretar, con toda claridad, los hechos, razones y petici\u00f3n que permitan constatar que se trata de una solicitud razonable y leg\u00edtima.<\/p>\n<!-- \/wp:paragraph -->\n\n<!-- wp:paragraph -->\n<p>Las comunicaciones, quejas y solicitudes de informaci\u00f3n accesible ser\u00e1n recibidas y tratadas por La Parecida.<\/p>\n<!-- \/wp:paragraph -->\n\n<!-- wp:paragraph -->\n<p>PROCEDIMIENTO DE APLICACI\u00d3N<\/p>\n<!-- \/wp:paragraph -->\n\n<!-- wp:paragraph -->\n<p>En caso de no verse atendidas las solicitudes, podr\u00e1 dirigir una comunicaci\u00f3n a comunicados@accesibilidad.com.es, dirigida en atenci\u00f3n a la Direcci\u00f3n de la organizaci\u00f3n.<\/p>\n<!-- \/wp:paragraph -->","_et_gb_content_width":"","footnotes":""},"class_list":["post-474","page","type-page","status-publish","hentry"],"aioseo_notices":[],"_links":{"self":[{"href":"https:\/\/everestingspain.com\/index.php\/wp-json\/wp\/v2\/pages\/474","targetHints":{"allow":["GET"]}}],"collection":[{"href":"https:\/\/everestingspain.com\/index.php\/wp-json\/wp\/v2\/pages"}],"about":[{"href":"https:\/\/everestingspain.com\/index.php\/wp-json\/wp\/v2\/types\/page"}],"author":[{"embeddable":true,"href":"https:\/\/everestingspain.com\/index.php\/wp-json\/wp\/v2\/users\/2"}],"replies":[{"embeddable":true,"href":"https:\/\/everestingspain.com\/index.php\/wp-json\/wp\/v2\/comments?post=474"}],"version-history":[{"count":0,"href":"https:\/\/everestingspain.com\/index.php\/wp-json\/wp\/v2\/pages\/474\/revisions"}],"up":[{"embeddable":true,"href":"https:\/\/everestingspain.com\/index.php\/wp-json\/wp\/v2\/pages\/3"}],"wp:attachment":[{"href":"https:\/\/everestingspain.com\/index.php\/wp-json\/wp\/v2\/media?parent=474"}],"curies":[{"name":"wp","href":"https:\/\/api.w.org\/{rel}","templated":true}]}}